{"id":680,"date":"2018-09-26T08:47:36","date_gmt":"2018-09-26T08:47:36","guid":{"rendered":"http:\/\/inika.net\/albisteak\/"},"modified":"2024-01-29T09:12:22","modified_gmt":"2024-01-29T09:12:22","slug":"albisteak","status":"publish","type":"page","link":"https:\/\/inika.net\/eu\/hizkuntza-eskolak\/albisteak\/","title":{"rendered":"Albisteak"},"content":{"rendered":"<div class=\"fusion-fullwidth fullwidth-box fusion-builder-row-1 hundred-percent-fullwidth non-hundred-percent-height-scrolling\" style=\"--awb-border-radius-top-left:0px;--awb-border-radius-top-right:0px;--awb-border-radius-bottom-right:0px;--awb-border-radius-bottom-left:0px;--awb-padding-top:55px;--awb-padding-bottom:40px;--awb-margin-top:-55px;--awb-margin-bottom:-40px;--awb-background-color:#eeeeee;--awb-flex-wrap:wrap;\" ><div class=\"fusion-builder-row fusion-row\"><div class=\"fusion-layout-column fusion_builder_column fusion-builder-column-0 fusion_builder_column_1_1 1_1 fusion-one-full fusion-column-first fusion-column-last\" style=\"--awb-padding-top:15px;--awb-bg-size:cover;\"><div class=\"fusion-column-wrapper fusion-flex-column-wrapper-legacy\"><div class=\"fusion-title title fusion-title-1 fusion-sep-none fusion-title-center fusion-title-text fusion-title-size-two titulohome\" style=\"--awb-text-color:var(--awb-color6);--awb-margin-top:20px;--awb-font-size:45px;\"><h2 class=\"fusion-title-heading title-heading-center\" style=\"font-family:&quot;Open Sans&quot;;font-style:normal;font-weight:600;margin:0;font-size:1em;\">ALBISTEAK<\/h2><\/div><div class=\"fusion-title title fusion-title-2 fusion-sep-none fusion-title-center fusion-title-text fusion-title-size-three titulohome\" style=\"--awb-margin-top:20px;--awb-font-size:16px;\"><h3 class=\"fusion-title-heading title-heading-center\" style=\"font-family:&quot;Open Sans&quot;;font-style:normal;font-weight:400;margin:0;letter-spacing:1px;text-transform:uppercase;font-size:1em;\">Hizkuntza akademiak eta ikastegiak<\/h3><\/div><div class=\"fusion-blog-shortcode fusion-blog-shortcode-1 fusion-blog-archive fusion-blog-layout-grid-wrapper fusion-blog-infinite blog\"><style type=\"text\/css\">.fusion-blog-shortcode-1 .fusion-blog-layout-grid .fusion-post-grid{padding:10px;}.fusion-blog-shortcode-1 .fusion-posts-container{margin-left: -10px !important; margin-right:-10px !important;}<\/style><div class=\"fusion-posts-container fusion-posts-container-infinite fusion-no-meta-info fusion-blog-rollover fusion-blog-layout-grid fusion-blog-layout-grid-3 isotope fusion-blog-equal-heights\" data-pages=\"1\" data-grid-col-space=\"20\" style=\"margin: -10px -10px 0;min-height:500px;\"><article id=\"blog-1-post-7322\" class=\"fusion-post-grid post-7322 post type-post status-publish format-standard has-post-thumbnail hentry category-albisteak category-destacados-eu category-destacados_aca-eu category-destacados_mus-eu category-noticias_aca-eu category-noticias_mus-eu\">\n<div class=\"fusion-post-wrapper\" style=\"background-color:rgba(255,255,255,1);border:1px solid #ebeaea;border-bottom-width:3px;\">\n\n\t\t\t<div class=\"fusion-flexslider flexslider fusion-flexslider-loading fusion-post-slideshow\" style=\"border-color:#ebeaea;\">\n\t\t<ul class=\"slides\">\n\t\t\t\n\t\t\t\t\t\t\t\t\t\t\t\t\t\t<li><div  class=\"fusion-image-wrapper\" aria-haspopup=\"true\">\n\t\t\t\t<img decoding=\"async\" width=\"925\" height=\"820\" src=\"https:\/\/inika.net\/wp-content\/uploads\/2025\/09\/distintivo_ens_certificacion_MEDIA_RD311-2022_mod.png\" class=\"attachment-full size-full wp-post-image\" alt=\"\" srcset=\"https:\/\/inika.net\/wp-content\/uploads\/2025\/09\/distintivo_ens_certificacion_MEDIA_RD311-2022_mod-200x177.png 200w, https:\/\/inika.net\/wp-content\/uploads\/2025\/09\/distintivo_ens_certificacion_MEDIA_RD311-2022_mod-400x355.png 400w, https:\/\/inika.net\/wp-content\/uploads\/2025\/09\/distintivo_ens_certificacion_MEDIA_RD311-2022_mod-600x532.png 600w, https:\/\/inika.net\/wp-content\/uploads\/2025\/09\/distintivo_ens_certificacion_MEDIA_RD311-2022_mod-800x709.png 800w, https:\/\/inika.net\/wp-content\/uploads\/2025\/09\/distintivo_ens_certificacion_MEDIA_RD311-2022_mod.png 925w\" sizes=\"(min-width: 2200px) 100vw, (min-width: 784px) 531px, (min-width: 712px) 784px, (min-width: 640px) 712px, \" \/><div class=\"fusion-rollover\">\n\t<div class=\"fusion-rollover-content\">\n\n\t\t\t\t\t\t\t\t\t\t\t\t\t\t<a class=\"fusion-rollover-link\" href=\"https:\/\/inika.net\/eu\/inikak-maila-ertaineko-ens-ziurtagiria-lortu-du\/\">Inikak maila ertaineko ENS ziurtagiria lortu du<\/a>\n\t\t\t\n\t\t\t\t\t\t\t\t\t\t\t\t\t\t\n\t\t\t\t\t\t\t\t\n\t\t\t\t\t\t\t\t\t\t\t\t\t<div class=\"fusion-rollover-sep\"><\/div>\n\t\t\t\t\n\t\t\t\t\t\t\t\t\t\t\t\t\t\t\t\t\t\t<a class=\"fusion-rollover-gallery\" href=\"https:\/\/inika.net\/wp-content\/uploads\/2025\/09\/distintivo_ens_certificacion_MEDIA_RD311-2022_mod.png\" data-options=\"\" data-id=\"7322\" data-rel=\"iLightbox[gallery]\" data-title=\"distintivo_ens_certificacion_MEDIA_RD311-2022_mod\" data-caption=\"\">\n\t\t\t\t\t\tGallery\t\t\t\t\t<\/a>\n\t\t\t\t\t\t\t\t\t\t\t\t\t\t\n\t\t\n\t\t\t\t\t\t\t\t\t\t\t\t<h4 class=\"fusion-rollover-title\">\n\t\t\t\t\t<a class=\"fusion-rollover-title-link\" href=\"https:\/\/inika.net\/eu\/inikak-maila-ertaineko-ens-ziurtagiria-lortu-du\/\">\n\t\t\t\t\t\tInikak maila ertaineko ENS ziurtagiria lortu du\t\t\t\t\t<\/a>\n\t\t\t\t<\/h4>\n\t\t\t\n\t\t\t\t\t\t\t\t\t\t<div class=\"fusion-rollover-categories\"><a href=\"https:\/\/inika.net\/eu\/category\/albisteak\/\" rel=\"tag\">Albisteak<\/a>, <a href=\"https:\/\/inika.net\/eu\/category\/destacados-eu\/\" rel=\"tag\">Destacados<\/a>, <a href=\"https:\/\/inika.net\/eu\/category\/destacados_aca-eu\/\" rel=\"tag\">Destacados_aca<\/a>, <a href=\"https:\/\/inika.net\/eu\/category\/destacados_mus-eu\/\" rel=\"tag\">Destacados_mus<\/a>, <a href=\"https:\/\/inika.net\/eu\/category\/noticias_aca-eu\/\" rel=\"tag\">Noticias_aca<\/a>, <a href=\"https:\/\/inika.net\/eu\/category\/noticias_mus-eu\/\" rel=\"tag\">Noticias_mus<\/a><\/div>\t\t\t\t\t\n\t\t\n\t\t\t\t\t\t<a class=\"fusion-link-wrapper\" href=\"https:\/\/inika.net\/eu\/inikak-maila-ertaineko-ens-ziurtagiria-lortu-du\/\" aria-label=\"Inikak maila ertaineko ENS ziurtagiria lortu du\"><\/a>\n\t<\/div>\n<\/div>\n<\/div>\n<\/li>\n\t\t\t\n\t\t\t\n\t\t\t\t\t\t\t\t\t\t\t\t\t\t\t\t\t\t\t\t\t\t\t\t\t\t\t\t\t\t\t\t\t\t\t\t\t\t\t\t\t\t\t\t\t\t\t\t\t\t\t\t\t\t\t\t\t\t\t\t\t\t\t\t\t\t\t\t<\/ul>\n\t<\/div>\n\t<div class=\"fusion-post-content-wrapper\" style=\"padding:30px 25px 20px 25px;\"><div class=\"fusion-post-content post-content\"><h2 class=\"blog-shortcode-post-title entry-title\"><a href=\"https:\/\/inika.net\/eu\/inikak-maila-ertaineko-ens-ziurtagiria-lortu-du\/\">Inikak maila ertaineko ENS ziurtagiria lortu du<\/a><\/h2><div class=\"fusion-post-content-container\"><p> Inikan, guztiz kontziente gara IKT sistemek (Informazioaren eta Komunikazioaren Teknologiak) gure helburuak lortzeko eta gure bezeroei zerbitzurik onena bermatzeko duten garrantziaz. Horregatik, informazioaren segurtasunarekiko konpromiso sendoa mantentzen dugu, gure interes-talde guztiei ahalik eta bermerik handienak eskainiz. Esparru horretan, helburu [...]<\/p><\/div><\/div><\/div><div class=\"fusion-clearfix\"><\/div><\/div>\n<\/article>\n<article id=\"blog-1-post-6919\" class=\"fusion-post-grid post-6919 post type-post status-publish format-standard has-post-thumbnail hentry category-destacados_aca-eu category-noticias_aca-eu\">\n<div class=\"fusion-post-wrapper\" style=\"background-color:rgba(255,255,255,1);border:1px solid #ebeaea;border-bottom-width:3px;\">\n\n\t\t\t<div class=\"fusion-flexslider flexslider fusion-flexslider-loading fusion-post-slideshow\" style=\"border-color:#ebeaea;\">\n\t\t<ul class=\"slides\">\n\t\t\t\n\t\t\t\t\t\t\t\t\t\t\t\t\t\t<li><div  class=\"fusion-image-wrapper\" aria-haspopup=\"true\">\n\t\t\t\t<img decoding=\"async\" width=\"2560\" height=\"1656\" src=\"https:\/\/inika.net\/wp-content\/uploads\/2024\/03\/FECEI2-scaled.jpg\" class=\"attachment-full size-full wp-post-image\" alt=\"\" srcset=\"https:\/\/inika.net\/wp-content\/uploads\/2024\/03\/FECEI2-200x129.jpg 200w, https:\/\/inika.net\/wp-content\/uploads\/2024\/03\/FECEI2-400x259.jpg 400w, https:\/\/inika.net\/wp-content\/uploads\/2024\/03\/FECEI2-600x388.jpg 600w, https:\/\/inika.net\/wp-content\/uploads\/2024\/03\/FECEI2-800x517.jpg 800w, https:\/\/inika.net\/wp-content\/uploads\/2024\/03\/FECEI2-1200x776.jpg 1200w, https:\/\/inika.net\/wp-content\/uploads\/2024\/03\/FECEI2-scaled.jpg 2560w\" sizes=\"(min-width: 2200px) 100vw, (min-width: 784px) 531px, (min-width: 712px) 784px, (min-width: 640px) 712px, \" \/><div class=\"fusion-rollover\">\n\t<div class=\"fusion-rollover-content\">\n\n\t\t\t\t\t\t\t\t\t\t\t\t\t\t<a class=\"fusion-rollover-link\" href=\"https:\/\/inika.net\/eu\/espainiako-hizkuntza-ikastetxeen-2024-federazioaren-kongresuan-parte-hartu-dugu\/\">Espainiako Hizkuntza Ikastetxeen 2024 Federazioaren Kongresuan parte hartu dugu<\/a>\n\t\t\t\n\t\t\t\t\t\t\t\t\t\t\t\t\t\t\n\t\t\t\t\t\t\t\t\n\t\t\t\t\t\t\t\t\t\t\t\t\t<div class=\"fusion-rollover-sep\"><\/div>\n\t\t\t\t\n\t\t\t\t\t\t\t\t\t\t\t\t\t\t\t\t\t\t<a class=\"fusion-rollover-gallery\" href=\"https:\/\/inika.net\/wp-content\/uploads\/2024\/03\/FECEI2-scaled.jpg\" data-options=\"\" data-id=\"6919\" data-rel=\"iLightbox[gallery]\" data-title=\"FECEI2\" data-caption=\"\">\n\t\t\t\t\t\tGallery\t\t\t\t\t<\/a>\n\t\t\t\t\t\t\t\t\t\t\t\t\t\t\n\t\t\n\t\t\t\t\t\t\t\t\t\t\t\t<h4 class=\"fusion-rollover-title\">\n\t\t\t\t\t<a class=\"fusion-rollover-title-link\" href=\"https:\/\/inika.net\/eu\/espainiako-hizkuntza-ikastetxeen-2024-federazioaren-kongresuan-parte-hartu-dugu\/\">\n\t\t\t\t\t\tEspainiako Hizkuntza Ikastetxeen 2024 Federazioaren Kongresuan parte hartu dugu\t\t\t\t\t<\/a>\n\t\t\t\t<\/h4>\n\t\t\t\n\t\t\t\t\t\t\t\t\t\t<div class=\"fusion-rollover-categories\"><a href=\"https:\/\/inika.net\/eu\/category\/destacados_aca-eu\/\" rel=\"tag\">Destacados_aca<\/a>, <a href=\"https:\/\/inika.net\/eu\/category\/noticias_aca-eu\/\" rel=\"tag\">Noticias_aca<\/a><\/div>\t\t\t\t\t\n\t\t\n\t\t\t\t\t\t<a class=\"fusion-link-wrapper\" href=\"https:\/\/inika.net\/eu\/espainiako-hizkuntza-ikastetxeen-2024-federazioaren-kongresuan-parte-hartu-dugu\/\" aria-label=\"Espainiako Hizkuntza Ikastetxeen 2024 Federazioaren Kongresuan parte hartu dugu\"><\/a>\n\t<\/div>\n<\/div>\n<\/div>\n<\/li>\n\t\t\t\n\t\t\t\n\t\t\t\t\t\t\t\t\t\t\t\t\t\t\t\t\t\t\t\t\t\t\t\t\t\t\t\t\t\t\t\t\t\t\t\t\t\t\t\t\t\t\t\t\t\t\t\t\t\t\t\t\t\t\t\t\t\t\t\t\t\t\t\t\t\t\t\t<\/ul>\n\t<\/div>\n\t<div class=\"fusion-post-content-wrapper\" style=\"padding:30px 25px 20px 25px;\"><div class=\"fusion-post-content post-content\"><h2 class=\"blog-shortcode-post-title entry-title\"><a href=\"https:\/\/inika.net\/eu\/espainiako-hizkuntza-ikastetxeen-2024-federazioaren-kongresuan-parte-hartu-dugu\/\">Espainiako Hizkuntza Ikastetxeen 2024 Federazioaren Kongresuan parte hartu dugu<\/a><\/h2><div class=\"fusion-post-content-container\"><p> Inikak erakusketari gisa parte hartu du FECEI 2024 biltzarrean Martxoan, Espainiako Hizkuntzen Irakaskuntzarako Zentroen Federazioaren (FECEI) 2024 Kongresuan parte hartzeko ohorea izan genuen. Kongresu horretan, hezkuntza- eta hizkuntza-esparrurik egokiena biltzen da urtero. Biltzarra martxoaren 1ean hasi zen, ostiralean, Zuzendaritza [...]<\/p><\/div><\/div><\/div><div class=\"fusion-clearfix\"><\/div><\/div>\n<\/article>\n<article id=\"blog-1-post-4518\" class=\"fusion-post-grid post-4518 post type-post status-publish format-standard has-post-thumbnail hentry category-destacados_aca-eu category-noticias_aca-eu\">\n<div class=\"fusion-post-wrapper\" style=\"background-color:rgba(255,255,255,1);border:1px solid #ebeaea;border-bottom-width:3px;\">\n\n\t\t\t<div class=\"fusion-flexslider flexslider fusion-flexslider-loading fusion-post-slideshow\" style=\"border-color:#ebeaea;\">\n\t\t<ul class=\"slides\">\n\t\t\t\n\t\t\t\t\t\t\t\t\t\t\t\t\t\t<li><div  class=\"fusion-image-wrapper\" aria-haspopup=\"true\">\n\t\t\t\t<img decoding=\"async\" width=\"1500\" height=\"1125\" src=\"https:\/\/inika.net\/wp-content\/uploads\/2022\/04\/IMG20220514102327_tx.jpg\" class=\"attachment-full size-full wp-post-image\" alt=\"\" srcset=\"https:\/\/inika.net\/wp-content\/uploads\/2022\/04\/IMG20220514102327_tx-200x150.jpg 200w, https:\/\/inika.net\/wp-content\/uploads\/2022\/04\/IMG20220514102327_tx-400x300.jpg 400w, https:\/\/inika.net\/wp-content\/uploads\/2022\/04\/IMG20220514102327_tx-600x450.jpg 600w, https:\/\/inika.net\/wp-content\/uploads\/2022\/04\/IMG20220514102327_tx-800x600.jpg 800w, https:\/\/inika.net\/wp-content\/uploads\/2022\/04\/IMG20220514102327_tx-1200x900.jpg 1200w, https:\/\/inika.net\/wp-content\/uploads\/2022\/04\/IMG20220514102327_tx.jpg 1500w\" sizes=\"(min-width: 2200px) 100vw, (min-width: 784px) 531px, (min-width: 712px) 784px, (min-width: 640px) 712px, \" \/><div class=\"fusion-rollover\">\n\t<div class=\"fusion-rollover-content\">\n\n\t\t\t\t\t\t\t\t\t\t\t\t\t\t<a class=\"fusion-rollover-link\" href=\"https:\/\/inika.net\/eu\/inikak-parte-hartuko-du-fecei-k-antolatutako-x-kongresuan\/\">Santanderreko FECEIen X. kongresuan parte hartu genuen, eta 300 pertsonak parte hartu zuten.<\/a>\n\t\t\t\n\t\t\t\t\t\t\t\t\t\t\t\t\t\t\n\t\t\t\t\t\t\t\t\n\t\t\t\t\t\t\t\t\t\t\t\t\t<div class=\"fusion-rollover-sep\"><\/div>\n\t\t\t\t\n\t\t\t\t\t\t\t\t\t\t\t\t\t\t\t\t\t\t<a class=\"fusion-rollover-gallery\" href=\"https:\/\/inika.net\/wp-content\/uploads\/2022\/04\/IMG20220514102327_tx.jpg\" data-options=\"\" data-id=\"4518\" data-rel=\"iLightbox[gallery]\" data-title=\"IMG20220514102327_tx\" data-caption=\"\">\n\t\t\t\t\t\tGallery\t\t\t\t\t<\/a>\n\t\t\t\t\t\t\t\t\t\t\t\t\t\t\n\t\t\n\t\t\t\t\t\t\t\t\t\t\t\t<h4 class=\"fusion-rollover-title\">\n\t\t\t\t\t<a class=\"fusion-rollover-title-link\" href=\"https:\/\/inika.net\/eu\/inikak-parte-hartuko-du-fecei-k-antolatutako-x-kongresuan\/\">\n\t\t\t\t\t\tSantanderreko FECEIen X. kongresuan parte hartu genuen, eta 300 pertsonak parte hartu zuten.\t\t\t\t\t<\/a>\n\t\t\t\t<\/h4>\n\t\t\t\n\t\t\t\t\t\t\t\t\t\t<div class=\"fusion-rollover-categories\"><a href=\"https:\/\/inika.net\/eu\/category\/destacados_aca-eu\/\" rel=\"tag\">Destacados_aca<\/a>, <a href=\"https:\/\/inika.net\/eu\/category\/noticias_aca-eu\/\" rel=\"tag\">Noticias_aca<\/a><\/div>\t\t\t\t\t\n\t\t\n\t\t\t\t\t\t<a class=\"fusion-link-wrapper\" href=\"https:\/\/inika.net\/eu\/inikak-parte-hartuko-du-fecei-k-antolatutako-x-kongresuan\/\" aria-label=\"Santanderreko FECEIen X. kongresuan parte hartu genuen, eta 300 pertsonak parte hartu zuten.\"><\/a>\n\t<\/div>\n<\/div>\n<\/div>\n<\/li>\n\t\t\t\n\t\t\t\n\t\t\t\t\t\t\t\t\t\t\t\t\t\t\t\t\t\t\t\t\t\t\t\t\t\t\t\t\t\t\t\t\t\t\t\t\t\t\t\t\t\t\t\t\t\t\t\t\t\t\t\t\t\t\t\t\t\t\t\t\t\t\t\t\t\t\t\t<\/ul>\n\t<\/div>\n\t<div class=\"fusion-post-content-wrapper\" style=\"padding:30px 25px 20px 25px;\"><div class=\"fusion-post-content post-content\"><h2 class=\"blog-shortcode-post-title entry-title\"><a href=\"https:\/\/inika.net\/eu\/inikak-parte-hartuko-du-fecei-k-antolatutako-x-kongresuan\/\">Santanderreko FECEIen X. kongresuan parte hartu genuen, eta 300 pertsonak parte hartu zuten.<\/a><\/h2><div class=\"fusion-post-content-container\"><p> Inikak stand bat jarri zuen Espainiako Hizkuntza Ikastetxeen Federazioaren (FECEI) X. Biltzarrean. Gema Igual Santanderko alkateak inauguratu zuen kongresua, FECEIeko lehendakari Scott Markhamekin batera, \"(Re)Asociados por los idiomas\" lemapean. Besteak beste, Greziatik, Kanadatik, Britainia Handitik eta hainbat herrialdetatik etorritako [...]<\/p><\/div><\/div><\/div><div class=\"fusion-clearfix\"><\/div><\/div>\n<\/article>\n<article id=\"blog-1-post-4126\" class=\"fusion-post-grid post-4126 post type-post status-publish format-standard has-post-thumbnail hentry category-destacados_aca-eu category-noticias_aca-eu\">\n<div class=\"fusion-post-wrapper\" style=\"background-color:rgba(255,255,255,1);border:1px solid #ebeaea;border-bottom-width:3px;\">\n\n\t\t\t<div class=\"fusion-flexslider flexslider fusion-flexslider-loading fusion-post-slideshow\" style=\"border-color:#ebeaea;\">\n\t\t<ul class=\"slides\">\n\t\t\t\n\t\t\t\t\t\t\t\t\t\t\t\t\t\t<li><div  class=\"fusion-image-wrapper\" aria-haspopup=\"true\">\n\t\t\t\t<img decoding=\"async\" width=\"1211\" height=\"473\" src=\"https:\/\/inika.net\/wp-content\/uploads\/2021\/06\/elduaien.png\" class=\"attachment-full size-full wp-post-image\" alt=\"\" srcset=\"https:\/\/inika.net\/wp-content\/uploads\/2021\/06\/elduaien-200x78.png 200w, https:\/\/inika.net\/wp-content\/uploads\/2021\/06\/elduaien-400x156.png 400w, https:\/\/inika.net\/wp-content\/uploads\/2021\/06\/elduaien-600x234.png 600w, https:\/\/inika.net\/wp-content\/uploads\/2021\/06\/elduaien-800x312.png 800w, https:\/\/inika.net\/wp-content\/uploads\/2021\/06\/elduaien-1200x469.png 1200w, https:\/\/inika.net\/wp-content\/uploads\/2021\/06\/elduaien.png 1211w\" sizes=\"(min-width: 2200px) 100vw, (min-width: 784px) 531px, (min-width: 712px) 784px, (min-width: 640px) 712px, \" \/><div class=\"fusion-rollover\">\n\t<div class=\"fusion-rollover-content\">\n\n\t\t\t\t\t\t\t\t\t\t\t\t\t\t<a class=\"fusion-rollover-link\" href=\"https:\/\/inika.net\/eu\/ongi-etorri-pasiako-eltd-hizkuntza-eskolari\/\">Ongi etorri elduaien hizkuntza eskola &#8211; academia de idiomas<\/a>\n\t\t\t\n\t\t\t\t\t\t\t\t\t\t\t\t\t\t\n\t\t\t\t\t\t\t\t\n\t\t\t\t\t\t\t\t\t\t\t\t\t<div class=\"fusion-rollover-sep\"><\/div>\n\t\t\t\t\n\t\t\t\t\t\t\t\t\t\t\t\t\t\t\t\t\t\t<a class=\"fusion-rollover-gallery\" href=\"https:\/\/inika.net\/wp-content\/uploads\/2021\/06\/elduaien.png\" data-options=\"\" data-id=\"4126\" data-rel=\"iLightbox[gallery]\" data-title=\"elduaien\" data-caption=\"\">\n\t\t\t\t\t\tGallery\t\t\t\t\t<\/a>\n\t\t\t\t\t\t\t\t\t\t\t\t\t\t\n\t\t\n\t\t\t\t\t\t\t\t\t\t\t\t<h4 class=\"fusion-rollover-title\">\n\t\t\t\t\t<a class=\"fusion-rollover-title-link\" href=\"https:\/\/inika.net\/eu\/ongi-etorri-pasiako-eltd-hizkuntza-eskolari\/\">\n\t\t\t\t\t\tOngi etorri elduaien hizkuntza eskola &#8211; academia de idiomas\t\t\t\t\t<\/a>\n\t\t\t\t<\/h4>\n\t\t\t\n\t\t\t\t\t\t\t\t\t\t<div class=\"fusion-rollover-categories\"><a href=\"https:\/\/inika.net\/eu\/category\/destacados_aca-eu\/\" rel=\"tag\">Destacados_aca<\/a>, <a href=\"https:\/\/inika.net\/eu\/category\/noticias_aca-eu\/\" rel=\"tag\">Noticias_aca<\/a><\/div>\t\t\t\t\t\n\t\t\n\t\t\t\t\t\t<a class=\"fusion-link-wrapper\" href=\"https:\/\/inika.net\/eu\/ongi-etorri-pasiako-eltd-hizkuntza-eskolari\/\" aria-label=\"Ongi etorri elduaien hizkuntza eskola &#8211; academia de idiomas\"><\/a>\n\t<\/div>\n<\/div>\n<\/div>\n<\/li>\n\t\t\t\n\t\t\t\n\t\t\t\t\t\t\t\t\t\t\t\t\t\t\t\t\t\t\t\t\t\t\t\t\t\t\t\t\t\t\t\t\t\t\t\t\t\t\t\t\t\t\t\t\t\t\t\t\t\t\t\t\t\t\t\t\t\t\t\t\t\t\t\t\t\t\t\t<\/ul>\n\t<\/div>\n\t<div class=\"fusion-post-content-wrapper\" style=\"padding:30px 25px 20px 25px;\"><div class=\"fusion-post-content post-content\"><h2 class=\"blog-shortcode-post-title entry-title\"><a href=\"https:\/\/inika.net\/eu\/ongi-etorri-pasiako-eltd-hizkuntza-eskolari\/\">Ongi etorri elduaien hizkuntza eskola &#8211; academia de idiomas<\/a><\/h2><div class=\"fusion-post-content-container\"><p> Elduaienek 50 urte baino gehiago daramatza hizkuntza-prestakuntza eskaintzen. Talde txikiak eta ordutegi malguak eskaintzeaz gain, mota guztietako hizkuntzak eta mailak eskaintzen ditugu, ikasleen egunerokotasunera egokitzeko. Hizkuntza-eskaintza zabala dugu eskura: Ingelesa, alemana, frantsesa, italiera, gaztelania, txinera, portugesa, arabiera, errusiera, nederlandera, [...]<\/p><\/div><\/div><\/div><div class=\"fusion-clearfix\"><\/div><\/div>\n<\/article>\n<div class=\"fusion-clearfix\"><\/div><\/div><\/div><div class=\"fusion-clearfix\"><\/div><\/div><\/div><\/div><\/div>\n","protected":false},"excerpt":{"rendered":"","protected":false},"author":1,"featured_media":0,"parent":647,"menu_order":0,"comment_status":"closed","ping_status":"closed","template":"100-width.php","meta":{"footnotes":""},"class_list":["post-680","page","type-page","status-publish","hentry"],"yoast_head":"<!-- This site is optimized with the Yoast SEO plugin v26.5 - https:\/\/yoast.com\/wordpress\/plugins\/seo\/ -->\n<title>Albisteak - Inika - Software de gesti\u00f3n acad\u00e9mica<\/title>\n<meta name=\"robots\" content=\"index, follow, max-snippet:-1, max-image-preview:large, max-video-preview:-1\" \/>\n<link rel=\"canonical\" href=\"https:\/\/inika.net\/eu\/hizkuntza-eskolak\/albisteak\/\" \/>\n<meta property=\"og:locale\" content=\"eu_ES\" \/>\n<meta property=\"og:type\" content=\"article\" \/>\n<meta property=\"og:title\" content=\"Albisteak - Inika - Software de gesti\u00f3n acad\u00e9mica\" \/>\n<meta property=\"og:url\" content=\"https:\/\/inika.net\/eu\/hizkuntza-eskolak\/albisteak\/\" \/>\n<meta property=\"og:site_name\" content=\"Inika - Software de gesti\u00f3n acad\u00e9mica\" \/>\n<meta property=\"article:modified_time\" content=\"2024-01-29T09:12:22+00:00\" \/>\n<meta name=\"twitter:card\" content=\"summary_large_image\" \/>\n<meta name=\"twitter:label1\" content=\"Est. reading time\" \/>\n\t<meta name=\"twitter:data1\" content=\"4 minutes\" \/>\n<script type=\"application\/ld+json\" class=\"yoast-schema-graph\">{\"@context\":\"https:\/\/schema.org\",\"@graph\":[{\"@type\":\"WebPage\",\"@id\":\"https:\/\/inika.net\/eu\/hizkuntza-eskolak\/albisteak\/\",\"url\":\"https:\/\/inika.net\/eu\/hizkuntza-eskolak\/albisteak\/\",\"name\":\"Albisteak - Inika - Software de gesti\u00f3n acad\u00e9mica\",\"isPartOf\":{\"@id\":\"https:\/\/inika.net\/#website\"},\"datePublished\":\"2018-09-26T08:47:36+00:00\",\"dateModified\":\"2024-01-29T09:12:22+00:00\",\"breadcrumb\":{\"@id\":\"https:\/\/inika.net\/eu\/hizkuntza-eskolak\/albisteak\/#breadcrumb\"},\"inLanguage\":\"eu-ES\",\"potentialAction\":[{\"@type\":\"ReadAction\",\"target\":[\"https:\/\/inika.net\/eu\/hizkuntza-eskolak\/albisteak\/\"]}]},{\"@type\":\"BreadcrumbList\",\"@id\":\"https:\/\/inika.net\/eu\/hizkuntza-eskolak\/albisteak\/#breadcrumb\",\"itemListElement\":[{\"@type\":\"ListItem\",\"position\":1,\"name\":\"Hizkuntza akademiak eta ikastegiak\",\"item\":\"https:\/\/inika.net\/eu\/hizkuntza-eskolak\/\"},{\"@type\":\"ListItem\",\"position\":2,\"name\":\"Albisteak\"}]},{\"@type\":\"WebSite\",\"@id\":\"https:\/\/inika.net\/#website\",\"url\":\"https:\/\/inika.net\/\",\"name\":\"Inika - Software de gesti\u00f3n acad\u00e9mica\",\"description\":\"Inika es el software de gesti\u00f3n acad\u00e9mica, una soluci\u00f3n integral para centros de ense\u00f1anza.\",\"potentialAction\":[{\"@type\":\"SearchAction\",\"target\":{\"@type\":\"EntryPoint\",\"urlTemplate\":\"https:\/\/inika.net\/?s={search_term_string}\"},\"query-input\":{\"@type\":\"PropertyValueSpecification\",\"valueRequired\":true,\"valueName\":\"search_term_string\"}}],\"inLanguage\":\"eu-ES\"}]}<\/script>\n<!-- \/ Yoast SEO plugin. -->","yoast_head_json":{"title":"Albisteak - Inika - Software de gesti\u00f3n acad\u00e9mica","robots":{"index":"index","follow":"follow","max-snippet":"max-snippet:-1","max-image-preview":"max-image-preview:large","max-video-preview":"max-video-preview:-1"},"canonical":"https:\/\/inika.net\/eu\/hizkuntza-eskolak\/albisteak\/","og_locale":"eu_ES","og_type":"article","og_title":"Albisteak - Inika - Software de gesti\u00f3n acad\u00e9mica","og_url":"https:\/\/inika.net\/eu\/hizkuntza-eskolak\/albisteak\/","og_site_name":"Inika - Software de gesti\u00f3n acad\u00e9mica","article_modified_time":"2024-01-29T09:12:22+00:00","twitter_card":"summary_large_image","twitter_misc":{"Est. reading time":"4 minutes"},"schema":{"@context":"https:\/\/schema.org","@graph":[{"@type":"WebPage","@id":"https:\/\/inika.net\/eu\/hizkuntza-eskolak\/albisteak\/","url":"https:\/\/inika.net\/eu\/hizkuntza-eskolak\/albisteak\/","name":"Albisteak - Inika - Software de gesti\u00f3n acad\u00e9mica","isPartOf":{"@id":"https:\/\/inika.net\/#website"},"datePublished":"2018-09-26T08:47:36+00:00","dateModified":"2024-01-29T09:12:22+00:00","breadcrumb":{"@id":"https:\/\/inika.net\/eu\/hizkuntza-eskolak\/albisteak\/#breadcrumb"},"inLanguage":"eu-ES","potentialAction":[{"@type":"ReadAction","target":["https:\/\/inika.net\/eu\/hizkuntza-eskolak\/albisteak\/"]}]},{"@type":"BreadcrumbList","@id":"https:\/\/inika.net\/eu\/hizkuntza-eskolak\/albisteak\/#breadcrumb","itemListElement":[{"@type":"ListItem","position":1,"name":"Hizkuntza akademiak eta ikastegiak","item":"https:\/\/inika.net\/eu\/hizkuntza-eskolak\/"},{"@type":"ListItem","position":2,"name":"Albisteak"}]},{"@type":"WebSite","@id":"https:\/\/inika.net\/#website","url":"https:\/\/inika.net\/","name":"Inika - Software de gesti\u00f3n acad\u00e9mica","description":"Inika es el software de gesti\u00f3n acad\u00e9mica, una soluci\u00f3n integral para centros de ense\u00f1anza.","potentialAction":[{"@type":"SearchAction","target":{"@type":"EntryPoint","urlTemplate":"https:\/\/inika.net\/?s={search_term_string}"},"query-input":{"@type":"PropertyValueSpecification","valueRequired":true,"valueName":"search_term_string"}}],"inLanguage":"eu-ES"}]}},"_links":{"self":[{"href":"https:\/\/inika.net\/eu\/wp-json\/wp\/v2\/pages\/680","targetHints":{"allow":["GET"]}}],"collection":[{"href":"https:\/\/inika.net\/eu\/wp-json\/wp\/v2\/pages"}],"about":[{"href":"https:\/\/inika.net\/eu\/wp-json\/wp\/v2\/types\/page"}],"author":[{"embeddable":true,"href":"https:\/\/inika.net\/eu\/wp-json\/wp\/v2\/users\/1"}],"replies":[{"embeddable":true,"href":"https:\/\/inika.net\/eu\/wp-json\/wp\/v2\/comments?post=680"}],"version-history":[{"count":8,"href":"https:\/\/inika.net\/eu\/wp-json\/wp\/v2\/pages\/680\/revisions"}],"predecessor-version":[{"id":6795,"href":"https:\/\/inika.net\/eu\/wp-json\/wp\/v2\/pages\/680\/revisions\/6795"}],"up":[{"embeddable":true,"href":"https:\/\/inika.net\/eu\/wp-json\/wp\/v2\/pages\/647"}],"wp:attachment":[{"href":"https:\/\/inika.net\/eu\/wp-json\/wp\/v2\/media?parent=680"}],"curies":[{"name":"wp","href":"https:\/\/api.w.org\/{rel}","templated":true}]}}